{"id":90513,"date":"2026-05-28T10:44:56","date_gmt":"2026-05-28T10:44:56","guid":{"rendered":"https:\/\/www.vetroresina.com\/prodotti-categorie\/recomplax-d700-2\/"},"modified":"2026-08-31T15:38:15","modified_gmt":"2026-08-31T15:38:15","slug":"recomplax-d700-2","status":"publish","type":"portfolio","link":"https:\/\/www.vetroresina.com\/fr\/prodotti-categorie\/recomplax-d700-2\/","title":{"rendered":"Recomplax D700"},"content":{"rendered":"\t\t<div data-elementor-type=\"wp-page\" data-elementor-id=\"90513\" class=\"elementor elementor-90513 elementor-90360\" data-elementor-post-type=\"portfolio\">\n\t\t\t\t\t\t<section class=\"elementor-section elementor-top-section elementor-element elementor-element-911a2c7 elementor-section-height-min-height elementor-section-content-middle elementor-hidden-widescreen elementor-hidden-desktop elementor-hidden-laptop elementor-hidden-tablet elementor-hidden-mobile elementor-hidden-tablet_extra elementor-section-boxed elementor-section-height-default elementor-section-items-middle\" data-id=\"911a2c7\" data-element_type=\"section\" data-e-type=\"section\" data-settings=\"{&quot;background_background&quot;:&quot;classic&quot;}\">\n\t\t\t\t\t\t<div class=\"elementor-container elementor-column-gap-default\">\n\t\t\t\t\t<div class=\" elementor-column elementor-col-100 elementor-top-column elementor-element elementor-element-f3386d4\" data-fullscreen-column-settings=\"{&quot;fullscreen&quot;:&quot;&quot;}\" data-id=\"f3386d4\" data-element_type=\"column\" data-e-type=\"column\">\n\t\t\t<div class=\"elementor-widget-wrap elementor-element-populated\">\n\t\t\t\t\t\t<div class=\"elementor-element elementor-element-ae5e6f6 elementor-widget elementor-widget-heading\" data-id=\"ae5e6f6\" data-element_type=\"widget\" data-e-type=\"widget\" data-widget_type=\"heading.default\">\n\t\t\t\t<div class=\"elementor-widget-container\">\n\t\t\t\t\t<h2 class=\"elementor-heading-title elementor-size-default\">LAMINATI INDUSTRIALI<\/h2>\t\t\t\t<\/div>\n\t\t\t\t<\/div>\n\t\t\t\t\t<\/div>\n\t\t<\/div>\n\t\t\t\t\t<\/div>\n\t\t<\/section>\n\t\t\t\t<section class=\"elementor-section elementor-top-section elementor-element elementor-element-fdcbd18 elementor-section-boxed elementor-section-height-default elementor-section-height-default elementor-invisible\" data-id=\"fdcbd18\" data-element_type=\"section\" data-e-type=\"section\" data-settings=\"{&quot;background_background&quot;:&quot;classic&quot;,&quot;animation&quot;:&quot;fadeIn&quot;}\">\n\t\t\t\t\t\t<div class=\"elementor-container elementor-column-gap-default\">\n\t\t\t\t\t<div class=\" elementor-column elementor-col-50 elementor-top-column elementor-element elementor-element-5433096\" data-fullscreen-column-settings=\"{&quot;fullscreen&quot;:&quot;&quot;}\" data-id=\"5433096\" data-element_type=\"column\" data-e-type=\"column\">\n\t\t\t<div class=\"elementor-widget-wrap elementor-element-populated\">\n\t\t\t\t\t\t<div class=\"elementor-element elementor-element-9362917 elementor-widget elementor-widget-image\" data-id=\"9362917\" data-element_type=\"widget\" data-e-type=\"widget\" data-widget_type=\"image.default\">\n\t\t\t\t<div class=\"elementor-widget-container\">\n\t\t\t\t\t\t\t\t\t\t\t\t\t\t\t\t<a href=\"https:\/\/www.vetroresina.com\/wp-content\/uploads\/2026\/03\/Recomplax-700-cover-prodotto.jpg\" data-elementor-open-lightbox=\"yes\" data-elementor-lightbox-title=\"Recomplax-700-cover-prodotto\" data-e-action-hash=\"#elementor-action%3Aaction%3Dlightbox%26settings%3DeyJpZCI6ODg5NjMsInVybCI6Imh0dHBzOlwvXC93d3cudmV0cm9yZXNpbmEuY29tXC93cC1jb250ZW50XC91cGxvYWRzXC8yMDI2XC8wM1wvUmVjb21wbGF4LTcwMC1jb3Zlci1wcm9kb3R0by5qcGcifQ%3D%3D\">\n\t\t\t\t\t\t\t<img fetchpriority=\"high\" decoding=\"async\" width=\"1058\" height=\"1497\" src=\"https:\/\/www.vetroresina.com\/wp-content\/uploads\/2026\/03\/Recomplax-700-cover-prodotto.jpg\" class=\"attachment-full size-full wp-image-88963\" alt=\"Recomplax-700-cover-prodotto\" srcset=\"https:\/\/www.vetroresina.com\/wp-content\/uploads\/2026\/03\/Recomplax-700-cover-prodotto.jpg 1058w, https:\/\/www.vetroresina.com\/wp-content\/uploads\/2026\/03\/Recomplax-700-cover-prodotto-212x300.jpg 212w, https:\/\/www.vetroresina.com\/wp-content\/uploads\/2026\/03\/Recomplax-700-cover-prodotto-724x1024.jpg 724w, https:\/\/www.vetroresina.com\/wp-content\/uploads\/2026\/03\/Recomplax-700-cover-prodotto-768x1087.jpg 768w, https:\/\/www.vetroresina.com\/wp-content\/uploads\/2026\/03\/Recomplax-700-cover-prodotto-500x707.jpg 500w, https:\/\/www.vetroresina.com\/wp-content\/uploads\/2026\/03\/Recomplax-700-cover-prodotto-800x1132.jpg 800w\" sizes=\"(max-width: 1058px) 100vw, 1058px\" \/>\t\t\t\t\t\t\t\t<\/a>\n\t\t\t\t\t\t\t\t\t\t\t\t\t\t\t<\/div>\n\t\t\t\t<\/div>\n\t\t\t\t\t<\/div>\n\t\t<\/div>\n\t\t\t\t<div class=\" elementor-column elementor-col-50 elementor-top-column elementor-element elementor-element-df84394\" data-fullscreen-column-settings=\"{&quot;fullscreen&quot;:&quot;&quot;}\" data-id=\"df84394\" data-element_type=\"column\" data-e-type=\"column\">\n\t\t\t<div class=\"elementor-widget-wrap elementor-element-populated\">\n\t\t\t\t\t\t<div class=\"elementor-element elementor-element-20c3cfd elementor-widget elementor-widget-litho-heading\" data-id=\"20c3cfd\" data-element_type=\"widget\" data-e-type=\"widget\" data-widget_type=\"litho-heading.default\">\n\t\t\t\t<div class=\"elementor-widget-container\">\n\t\t\t\t\t<h6 class=\"litho-heading elementor-size-default\"><span class=\"litho-primary-title\">RECOMPLAX D700<\/span><\/h6>\t\t\t\t<\/div>\n\t\t\t\t<\/div>\n\t\t\t\t<div class=\"elementor-element elementor-element-06522d7 elementor-widget elementor-widget-litho-heading\" data-id=\"06522d7\" data-element_type=\"widget\" data-e-type=\"widget\" data-widget_type=\"litho-heading.default\">\n\t\t\t\t<div class=\"elementor-widget-container\">\n\t\t\t\t\t<span class=\"litho-heading elementor-size-small\"><span class=\"litho-primary-title\">Recomplax D700 est une feuille composite en plaques compos\u00e9es de thermodurcis recycl\u00e9s \u00e0 94\u00a0% (fibre de verre et polyur\u00e9thane PUR\/PIR) r\u00e9agr\u00e9g\u00e9s sous pression. Le mat\u00e9riau recycl\u00e9-recyclable est brevet\u00e9 et garanti par une D\u00e9claration de Produit Environnemental (EPD ISO 14025). \u00c9tant hydrofuges et compactes m\u00eame dans des conditions m\u00e9t\u00e9orologiques extr\u00eames, les r\u00e9sines plastiques ne favorisent pas la prolif\u00e9ration des champignons et des moisissures, m\u00eame dans des environnements humides et dans les embruns salins.<\/span><\/span>\t\t\t\t<\/div>\n\t\t\t\t<\/div>\n\t\t\t\t<div class=\"elementor-element elementor-element-6de0b2d elementor-widget elementor-widget-litho-heading\" data-id=\"6de0b2d\" data-element_type=\"widget\" data-e-type=\"widget\" data-widget_type=\"litho-heading.default\">\n\t\t\t\t<div class=\"elementor-widget-container\">\n\t\t\t\t\t<span class=\"litho-heading elementor-size-small\"><span class=\"litho-primary-title\"><b> Avantages <\/b>\n\n\u25a0 \u00c9co-durable, recycl\u00e9-recyclable \n\u25a0 Brevet\u00e9 et certifi\u00e9 LCA-EPD \n\u25a0 Id\u00e9al pour les structures en mille-feuilles et le collage chaud\/froid \n\u25a0 Densit\u00e9 homog\u00e8ne 700 kg\/m3 sur toute la section \n\u25a0  \u00c9paisseurs, y compris les \u00e9paisseurs \u00ab sur mesure \u00bb, allant d\u2019un minimum de 9 mm \u00e0 un maximum de 35 mm \n\u25a0 R\u00e9sistant \u00e0 l\u2019eau et \u00e0 la corrosion \n\u25a0 \u00c9tanch\u00e9it\u00e9 \u00e9lev\u00e9e aux vis \n\u25a0 Utilisable avec des \u00e9quipements de menuiserie et de d\u00e9coupe au jet d\u2019eau \n\u25a0 Haute r\u00e9sistance \u00e0 la compression \n\u25a0 Pour modules pr\u00e9fabriqu\u00e9s de plancher, murs et portes <\/span><\/span>\t\t\t\t<\/div>\n\t\t\t\t<\/div>\n\t\t\t\t\t<\/div>\n\t\t<\/div>\n\t\t\t\t\t<\/div>\n\t\t<\/section>\n\t\t\t\t<section class=\"elementor-section elementor-top-section elementor-element elementor-element-ec687b7 elementor-hidden-widescreen elementor-hidden-desktop elementor-hidden-laptop elementor-hidden-tablet_extra elementor-hidden-tablet elementor-section-boxed elementor-section-height-default elementor-section-height-default\" data-id=\"ec687b7\" data-element_type=\"section\" data-e-type=\"section\" data-settings=\"{&quot;background_background&quot;:&quot;classic&quot;}\">\n\t\t\t\t\t\t<div class=\"elementor-container elementor-column-gap-default\">\n\t\t\t\t\t<div class=\" elementor-column elementor-col-100 elementor-top-column elementor-element elementor-element-be22725\" data-fullscreen-column-settings=\"{&quot;fullscreen&quot;:&quot;&quot;}\" data-id=\"be22725\" data-element_type=\"column\" data-e-type=\"column\">\n\t\t\t<div class=\"elementor-widget-wrap elementor-element-populated\">\n\t\t\t\t\t\t<div class=\"elementor-element elementor-element-de07b7e elementor-widget elementor-widget-litho-heading\" data-id=\"de07b7e\" data-element_type=\"widget\" data-e-type=\"widget\" data-widget_type=\"litho-heading.default\">\n\t\t\t\t<div class=\"elementor-widget-container\">\n\t\t\t\t\t<h6 class=\"litho-heading elementor-size-default\"><span class=\"litho-primary-title\">RECOMPLAX D700<\/span><\/h6>\t\t\t\t<\/div>\n\t\t\t\t<\/div>\n\t\t\t\t<div class=\"elementor-element elementor-element-50062dd elementor-widget elementor-widget-litho-heading\" data-id=\"50062dd\" data-element_type=\"widget\" data-e-type=\"widget\" data-widget_type=\"litho-heading.default\">\n\t\t\t\t<div class=\"elementor-widget-container\">\n\t\t\t\t\t<span class=\"litho-heading elementor-size-small\"><span class=\"litho-primary-title\">Recomplax D700 est une feuille composite en plaques compos\u00e9es de thermodurcis recycl\u00e9s \u00e0 94\u00a0% (fibre de verre et polyur\u00e9thane PUR\/PIR) r\u00e9agr\u00e9g\u00e9s sous pression. Le mat\u00e9riau recycl\u00e9-recyclable est brevet\u00e9 et garanti par une D\u00e9claration de Produit Environnemental (EPD ISO 14025). \u00c9tant hydrofuges et compactes m\u00eame dans des conditions m\u00e9t\u00e9orologiques extr\u00eames, les r\u00e9sines plastiques ne favorisent pas la prolif\u00e9ration des champignons et des moisissures, m\u00eame dans des environnements humides et dans les embruns salins.<\/span><\/span>\t\t\t\t<\/div>\n\t\t\t\t<\/div>\n\t\t\t\t<div class=\"elementor-element elementor-element-1a077fe elementor-widget elementor-widget-litho-heading\" data-id=\"1a077fe\" data-element_type=\"widget\" data-e-type=\"widget\" data-widget_type=\"litho-heading.default\">\n\t\t\t\t<div class=\"elementor-widget-container\">\n\t\t\t\t\t<span class=\"litho-heading elementor-size-small\"><span class=\"litho-primary-title\"><b> Avantages <\/b>\n\n\u25a0 \u00c9co-durable, recycl\u00e9-recyclable \n\u25a0 Brevet\u00e9 et certifi\u00e9 LCA-EPD \n\u25a0 Id\u00e9al pour les structures en mille-feuilles et le collage chaud\/froid \n\u25a0 Densit\u00e9 homog\u00e8ne 700 kg\/m3 sur toute la section \n\u25a0  \u00c9paisseurs, y compris les \u00e9paisseurs \u00ab sur mesure \u00bb, allant d\u2019un minimum de 9 mm \u00e0 un maximum de 35 mm \n\u25a0 R\u00e9sistant \u00e0 l\u2019eau et \u00e0 la corrosion \n\u25a0 \u00c9tanch\u00e9it\u00e9 \u00e9lev\u00e9e aux vis \n\u25a0 Utilisable avec des \u00e9quipements de menuiserie et de d\u00e9coupe au jet d\u2019eau \n\u25a0 Haute r\u00e9sistance \u00e0 la compression \n\u25a0 Pour modules pr\u00e9fabriqu\u00e9s de plancher, murs et portes \n<\/span><\/span>\t\t\t\t<\/div>\n\t\t\t\t<\/div>\n\t\t\t\t\t<\/div>\n\t\t<\/div>\n\t\t\t\t\t<\/div>\n\t\t<\/section>\n\t\t\t\t<section class=\"elementor-section elementor-top-section elementor-element elementor-element-b906d73 elementor-section-boxed elementor-section-height-default elementor-section-height-default\" data-id=\"b906d73\" data-element_type=\"section\" data-e-type=\"section\">\n\t\t\t\t\t\t<div class=\"elementor-container elementor-column-gap-default\">\n\t\t\t\t\t<div class=\" elementor-column elementor-col-100 elementor-top-column elementor-element elementor-element-b118945 elementor-invisible\" data-fullscreen-column-settings=\"{&quot;fullscreen&quot;:&quot;&quot;}\" data-id=\"b118945\" data-element_type=\"column\" data-e-type=\"column\" data-settings=\"{&quot;animation&quot;:&quot;fadeIn&quot;,&quot;animation_delay&quot;:400}\">\n\t\t\t<div class=\"elementor-widget-wrap elementor-element-populated\">\n\t\t\t\t\t\t<div class=\"elementor-element elementor-element-cb157a1 elementor-widget elementor-widget-text-editor\" data-id=\"cb157a1\" data-element_type=\"widget\" data-e-type=\"widget\" data-widget_type=\"text-editor.default\">\n\t\t\t\t<div class=\"elementor-widget-container\">\n\t\t\t\t\t\t\t\t\t<p class=\"p1\"><b>Les r\u00e9sultats de ces rapports d\u2019essai font r\u00e9f\u00e9rence \u00e0 la ligne Recomplex Basic en haute densit\u00e9 700 kg\/m3<\/b><\/p>\t\t\t\t\t\t\t\t<\/div>\n\t\t\t\t<\/div>\n\t\t\t\t<div class=\"elementor-element elementor-element-00f3aa8 elementor-widget elementor-widget-text-editor\" data-id=\"00f3aa8\" data-element_type=\"widget\" data-e-type=\"widget\" data-widget_type=\"text-editor.default\">\n\t\t\t\t<div class=\"elementor-widget-container\">\n\t\t\t\t\t\t\t\t\t<table data-path-to-node=\"6\">\n<thead>\n<tr>\n<td><strong> Propri\u00e9t\u00e9 \/ Caract\u00e9ristique <\/strong><\/td>\n<td><strong> R\u00e9f\u00e9rence standard <\/strong><\/td>\n<td><strong> Valeur \/ R\u00e9sultat <\/strong><\/td>\n<\/tr>\n<\/thead>\n<tbody>\n<tr>\n<td><span data-path-to-node=\"6,1,0,0\"><b data-path-to-node=\"6,1,0,0\" data-index-in-node=\"0\"> Densit\u00e9 <\/b><\/span><\/td>\n<td><span data-path-to-node=\"6,1,1,0\">EN 323:1993<\/span><\/td>\n<td><span data-path-to-node=\"6,1,2,0\">662 KG\/M3<\/span><\/td>\n<\/tr>\n<tr>\n<td><span data-path-to-node=\"6,2,0,0\"><b data-path-to-node=\"6,2,0,0\" data-index-in-node=\"0\"> Gonflement apr\u00e8s 24 heures d\u2019immersion dans l\u2019eau <\/b><\/span><\/td>\n<td><span data-path-to-node=\"6,2,1,0\">EN 317:1993<\/span><\/td>\n<td><span data-path-to-node=\"6,2,2,0\">0,4 %<\/span><\/td>\n<\/tr>\n<tr>\n<td><span data-path-to-node=\"6,3,0,0\"><b data-path-to-node=\"6,3,0,0\" data-index-in-node=\"0\"> R\u00e9sistance \u00e0 l\u2019extraction des vis en surface <\/b><\/span><\/td>\n<td><span data-path-to-node=\"6,3,1,0\">EN 320:2011<\/span><\/td>\n<td><span data-path-to-node=\"6,3,2,0\">704 N<\/span><\/td>\n<\/tr>\n<tr>\n<td><span data-path-to-node=\"6,4,0,0\"><b data-path-to-node=\"6,4,0,0\" data-index-in-node=\"0\"> R\u00e9sistance \u00e0 la sortie de la vis sur le bord <\/b><\/span><\/td>\n<td><span data-path-to-node=\"6,4,1,0\">EN 320:2011<\/span><\/td>\n<td><span data-path-to-node=\"6,4,2,0\">527 N<\/span><\/td>\n<\/tr>\n<tr>\n<td><span data-path-to-node=\"6,5,0,0\"><b data-path-to-node=\"6,5,0,0\" data-index-in-node=\"0\"> Module de flexion d\u2019\u00e9lasticit\u00e9 <\/b><\/span><\/td>\n<td><span data-path-to-node=\"6,5,1,0\">EN 310:1993<\/span><\/td>\n<td><span data-path-to-node=\"6,5,2,0\">683 MPa<\/span><\/td>\n<\/tr>\n<tr>\n<td><span data-path-to-node=\"6,6,0,0\"><b data-path-to-node=\"6,6,0,0\" data-index-in-node=\"0\"> R\u00e9sistance \u00e0 la flexion <\/b><\/span><\/td>\n<td><span data-path-to-node=\"6,6,1,0\">EN 310:1993<\/span><\/td>\n<td><span data-path-to-node=\"6,6,2,0\">6,0 MPa<\/span><\/td>\n<\/tr>\n<tr>\n<td><span data-path-to-node=\"6,7,0,0\"><b data-path-to-node=\"6,7,0,0\" data-index-in-node=\"0\"> R\u00e9sistance \u00e0 la traction <\/b><\/span><\/td>\n<td><span data-path-to-node=\"6,7,1,0\">EN 319:1993<\/span><\/td>\n<td><span data-path-to-node=\"6,7,2,0\">1,04 MPa<\/span><\/td>\n<\/tr>\n<tr>\n<td><span data-path-to-node=\"6,8,0,0\"><b data-path-to-node=\"6,8,0,0\" data-index-in-node=\"0\"> R\u00e9sistance \u00e0 la compression <\/b><\/span><\/td>\n<td><span data-path-to-node=\"6,8,1,0\">UNI EN ISO 604:2008<\/span><\/td>\n<td><span data-path-to-node=\"6,8,2,0\">44,4 MPa<\/span><\/td>\n<\/tr>\n<\/tbody>\n<\/table>\t\t\t\t\t\t\t\t<\/div>\n\t\t\t\t<\/div>\n\t\t\t\t\t<\/div>\n\t\t<\/div>\n\t\t\t\t\t<\/div>\n\t\t<\/section>\n\t\t\t\t<section class=\"elementor-section elementor-top-section elementor-element elementor-element-77ae9c6 elementor-section-content-middle elementor-section-boxed elementor-section-height-default elementor-section-height-default\" data-id=\"77ae9c6\" data-element_type=\"section\" data-e-type=\"section\">\n\t\t\t\t\t\t<div class=\"elementor-container elementor-column-gap-default\">\n\t\t\t\t\t<div class=\" elementor-column elementor-col-100 elementor-top-column elementor-element elementor-element-3ca6e42\" data-fullscreen-column-settings=\"{&quot;fullscreen&quot;:&quot;&quot;}\" data-id=\"3ca6e42\" data-element_type=\"column\" data-e-type=\"column\">\n\t\t\t<div class=\"elementor-widget-wrap elementor-element-populated\">\n\t\t\t\t\t\t<div class=\"elementor-element elementor-element-ab9caa0 elementor-widget elementor-widget-litho-heading\" data-id=\"ab9caa0\" data-element_type=\"widget\" data-e-type=\"widget\" data-widget_type=\"litho-heading.default\">\n\t\t\t\t<div class=\"elementor-widget-container\">\n\t\t\t\t\t<h6 class=\"litho-heading elementor-size-default\"><span class=\"litho-primary-title\">Pour les chambres froides, les lamin\u00e9s GRP de Vetroresina sont test\u00e9s et adapt\u00e9s au contact direct avec les aliments.<\/span><\/h6>\t\t\t\t<\/div>\n\t\t\t\t<\/div>\n\t\t\t\t\t<\/div>\n\t\t<\/div>\n\t\t\t\t\t<\/div>\n\t\t<\/section>\n\t\t\t\t<section class=\"elementor-section elementor-top-section elementor-element elementor-element-6b723be elementor-section-full_width elementor-section-height-default elementor-section-height-default\" data-id=\"6b723be\" data-element_type=\"section\" data-e-type=\"section\">\n\t\t\t\t\t\t<div class=\"elementor-container elementor-column-gap-default\">\n\t\t\t\t\t<div class=\" elementor-column elementor-col-100 elementor-top-column elementor-element elementor-element-52021df\" data-fullscreen-column-settings=\"{&quot;fullscreen&quot;:&quot;&quot;}\" data-id=\"52021df\" data-element_type=\"column\" data-e-type=\"column\">\n\t\t\t<div class=\"elementor-widget-wrap elementor-element-populated\">\n\t\t\t\t\t\t<div class=\"elementor-element elementor-element-61e5488 elementor-arrows-position-inside elementor-pagination-position-outside elementor-widget elementor-widget-image-carousel\" data-id=\"61e5488\" data-element_type=\"widget\" data-e-type=\"widget\" data-settings=\"{&quot;slides_to_show&quot;:&quot;4&quot;,&quot;navigation&quot;:&quot;both&quot;,&quot;autoplay&quot;:&quot;yes&quot;,&quot;pause_on_hover&quot;:&quot;yes&quot;,&quot;pause_on_interaction&quot;:&quot;yes&quot;,&quot;autoplay_speed&quot;:5000,&quot;infinite&quot;:&quot;yes&quot;,&quot;speed&quot;:500}\" data-widget_type=\"image-carousel.default\">\n\t\t\t\t<div class=\"elementor-widget-container\">\n\t\t\t\t\t\t\t<div class=\"elementor-image-carousel-wrapper swiper\" role=\"region\" aria-roledescription=\"carousel\" aria-label=\"Carosello d&#039;immagini\" dir=\"ltr\">\n\t\t\t<div class=\"elementor-image-carousel swiper-wrapper\" aria-live=\"off\">\n\t\t\t\t\t\t\t\t<div class=\"swiper-slide\" role=\"group\" aria-roledescription=\"slide\" aria-label=\"1 sur 5\"><figure class=\"swiper-slide-inner\"><img decoding=\"async\" class=\"swiper-slide-image\" src=\"https:\/\/www.vetroresina.com\/wp-content\/uploads\/2026\/05\/cellafrigorifera-gallery-1.jpg\" alt=\"cellafrigorifera-gallery-1\" \/><\/figure><\/div><div class=\"swiper-slide\" role=\"group\" aria-roledescription=\"slide\" aria-label=\"2 sur 5\"><figure class=\"swiper-slide-inner\"><img decoding=\"async\" class=\"swiper-slide-image\" src=\"https:\/\/www.vetroresina.com\/wp-content\/uploads\/2026\/02\/cella-frigorifera-2.jpg\" alt=\"cella-frigorifera-2\" \/><\/figure><\/div><div class=\"swiper-slide\" role=\"group\" aria-roledescription=\"slide\" aria-label=\"3 sur 5\"><figure class=\"swiper-slide-inner\"><img decoding=\"async\" class=\"swiper-slide-image\" src=\"https:\/\/www.vetroresina.com\/wp-content\/uploads\/2026\/05\/cella-frigorifera-gallery-2.jpg\" alt=\"cella-frigorifera-gallery-2\" \/><\/figure><\/div><div class=\"swiper-slide\" role=\"group\" aria-roledescription=\"slide\" aria-label=\"4 sur 5\"><figure class=\"swiper-slide-inner\"><img decoding=\"async\" class=\"swiper-slide-image\" src=\"https:\/\/www.vetroresina.com\/wp-content\/uploads\/2026\/02\/camera-bianca.jpg\" alt=\"camera-bianca\" \/><\/figure><\/div><div class=\"swiper-slide\" role=\"group\" aria-roledescription=\"slide\" aria-label=\"5 sur 5\"><figure class=\"swiper-slide-inner\"><img decoding=\"async\" class=\"swiper-slide-image\" src=\"https:\/\/www.vetroresina.com\/wp-content\/uploads\/2026\/02\/Vetroresina-Coldrooms-applicazione.jpg\" alt=\"Vetroresina-Coldrooms-applicazione\" \/><\/figure><\/div>\t\t\t<\/div>\n\t\t\t\t\t\t\t\t\t\t\t\t<div class=\"elementor-swiper-button elementor-swiper-button-prev\" role=\"button\" tabindex=\"0\">\n\t\t\t\t\t\t<i aria-hidden=\"true\" class=\"eicon-chevron-left\"><\/i>\t\t\t\t\t<\/div>\n\t\t\t\t\t<div class=\"elementor-swiper-button elementor-swiper-button-next\" role=\"button\" tabindex=\"0\">\n\t\t\t\t\t\t<i aria-hidden=\"true\" class=\"eicon-chevron-right\"><\/i>\t\t\t\t\t<\/div>\n\t\t\t\t\n\t\t\t\t\t\t\t\t\t<div class=\"swiper-pagination\"><\/div>\n\t\t\t\t\t\t\t\t\t<\/div>\n\t\t\t\t\t\t<\/div>\n\t\t\t\t<\/div>\n\t\t\t\t\t<\/div>\n\t\t<\/div>\n\t\t\t\t\t<\/div>\n\t\t<\/section>\n\t\t\t\t<section class=\"elementor-section elementor-top-section elementor-element elementor-element-c8886ee elementor-section-boxed elementor-section-height-default elementor-section-height-default\" data-id=\"c8886ee\" data-element_type=\"section\" data-e-type=\"section\">\n\t\t\t\t\t\t<div class=\"elementor-container elementor-column-gap-default\">\n\t\t\t\t\t<div class=\" elementor-column elementor-col-50 elementor-top-column elementor-element elementor-element-a73ae2f\" data-fullscreen-column-settings=\"{&quot;fullscreen&quot;:&quot;&quot;}\" data-id=\"a73ae2f\" data-element_type=\"column\" data-e-type=\"column\">\n\t\t\t<div class=\"elementor-widget-wrap elementor-element-populated\">\n\t\t\t\t\t\t<div class=\"elementor-element elementor-element-b1c84d9 elementor-widget elementor-widget-spacer\" data-id=\"b1c84d9\" data-element_type=\"widget\" data-e-type=\"widget\" data-widget_type=\"spacer.default\">\n\t\t\t\t<div class=\"elementor-widget-container\">\n\t\t\t\t\t\t\t<div class=\"elementor-spacer\">\n\t\t\t<div class=\"elementor-spacer-inner\"><\/div>\n\t\t<\/div>\n\t\t\t\t\t\t<\/div>\n\t\t\t\t<\/div>\n\t\t\t\t<div class=\"elementor-element elementor-element-6426f0d elementor-widget elementor-widget-litho-heading\" data-id=\"6426f0d\" data-element_type=\"widget\" data-e-type=\"widget\" data-widget_type=\"litho-heading.default\">\n\t\t\t\t<div class=\"elementor-widget-container\">\n\t\t\t\t\t<h5 class=\"litho-heading elementor-size-default\"><span class=\"litho-primary-title\">*<b>ANTIBAC<\/b> protection continue antimicrobienne (\u00e0 la demande)<\/span><\/h5>\t\t\t\t<\/div>\n\t\t\t\t<\/div>\n\t\t\t\t<div class=\"elementor-element elementor-element-394364f elementor-widget elementor-widget-spacer\" data-id=\"394364f\" data-element_type=\"widget\" data-e-type=\"widget\" data-widget_type=\"spacer.default\">\n\t\t\t\t<div class=\"elementor-widget-container\">\n\t\t\t\t\t\t\t<div class=\"elementor-spacer\">\n\t\t\t<div class=\"elementor-spacer-inner\"><\/div>\n\t\t<\/div>\n\t\t\t\t\t\t<\/div>\n\t\t\t\t<\/div>\n\t\t\t\t<div class=\"elementor-element elementor-element-0e3660b elementor-widget elementor-widget-litho-button\" data-id=\"0e3660b\" data-element_type=\"widget\" data-e-type=\"widget\" data-widget_type=\"litho-button.default\">\n\t\t\t\t<div class=\"elementor-widget-container\">\n\t\t\t\t\t\t\t\t\t<div class=\"elementor-button-wrapper litho-button-wrapper\">\n\t\t\t\t\t<a class=\"elementor-button-link elementor-button elementor-size-sm \" href=\"https:\/\/www.vetroresina.com\/wp-content\/uploads\/2026\/02\/Vetroresina-Coldrooms-IT.pdf\" target=\"_blank\" role=\"button\">\n\t\t\t\t\t\t\t\t\t<span class=\"elementor-button-content-wrapper\">\n\t\t\t\t\t\t\t\t\t\t\t\t\t<span class=\"elementor-button-text\">T\u00c9L\u00c9CHARGER LA FICHE PRODUIT<\/span>\n\t\t\t\t\t\t\t<\/span>\n\t\t\t\t\t\t\t\t<\/a>\n\t\t\t\t<\/div>\n\t\t\t\t\t\t\t<\/div>\n\t\t\t\t<\/div>\n\t\t\t\t<div class=\"elementor-element elementor-element-0ee5e39 elementor-widget elementor-widget-spacer\" data-id=\"0ee5e39\" data-element_type=\"widget\" data-e-type=\"widget\" data-widget_type=\"spacer.default\">\n\t\t\t\t<div class=\"elementor-widget-container\">\n\t\t\t\t\t\t\t<div class=\"elementor-spacer\">\n\t\t\t<div class=\"elementor-spacer-inner\"><\/div>\n\t\t<\/div>\n\t\t\t\t\t\t<\/div>\n\t\t\t\t<\/div>\n\t\t\t\t<div class=\"elementor-element elementor-element-a1f55ec elementor-widget elementor-widget-spacer\" data-id=\"a1f55ec\" data-element_type=\"widget\" data-e-type=\"widget\" data-widget_type=\"spacer.default\">\n\t\t\t\t<div class=\"elementor-widget-container\">\n\t\t\t\t\t\t\t<div class=\"elementor-spacer\">\n\t\t\t<div class=\"elementor-spacer-inner\"><\/div>\n\t\t<\/div>\n\t\t\t\t\t\t<\/div>\n\t\t\t\t<\/div>\n\t\t\t\t\t<\/div>\n\t\t<\/div>\n\t\t\t\t<div class=\" elementor-column elementor-col-50 elementor-top-column elementor-element elementor-element-c41c031 elementor-invisible\" data-fullscreen-column-settings=\"{&quot;fullscreen&quot;:&quot;&quot;}\" data-id=\"c41c031\" data-element_type=\"column\" data-e-type=\"column\" data-settings=\"{&quot;animation&quot;:&quot;fadeIn&quot;,&quot;animation_delay&quot;:400}\">\n\t\t\t<div class=\"elementor-widget-wrap elementor-element-populated\">\n\t\t\t\t\t\t<div class=\"elementor-element elementor-element-5756468 elementor-widget elementor-widget-text-editor\" data-id=\"5756468\" data-element_type=\"widget\" data-e-type=\"widget\" data-widget_type=\"text-editor.default\">\n\t\t\t\t<div class=\"elementor-widget-container\">\n\t\t\t\t\t\t\t\t\t<p class=\"p1\"><b>L\u2019additif ANTIBAC<\/b> est une technologie \u00e0 base d\u2019argent int\u00e9gr\u00e9e au Gelcoat pendant la production et r\u00e9parti uniform\u00e9ment sur toute la surface.<br \/>Ceci aide \u00e0 r\u00e9duire la pr\u00e9sence microbienne sur les zones \u00e0 fort contact et \u00e0 \u00e9viter leur colonisation \u00e9ventuelle, avec une protection compl\u00e9mentaire tout au long de la dur\u00e9e de vie du produit<span class=\"s1\">.<\/span><\/p>\t\t\t\t\t\t\t\t<\/div>\n\t\t\t\t<\/div>\n\t\t\t\t\t<\/div>\n\t\t<\/div>\n\t\t\t\t\t<\/div>\n\t\t<\/section>\n\t\t\t\t<section class=\"elementor-section elementor-top-section elementor-element elementor-element-a7b9095 elementor-section-boxed elementor-section-height-default elementor-section-height-default\" data-id=\"a7b9095\" data-element_type=\"section\" data-e-type=\"section\">\n\t\t\t\t\t\t<div class=\"elementor-container elementor-column-gap-default\">\n\t\t\t\t\t<div class=\" elementor-column elementor-col-100 elementor-top-column elementor-element elementor-element-3ee2c10\" data-fullscreen-column-settings=\"{&quot;fullscreen&quot;:&quot;&quot;}\" data-id=\"3ee2c10\" data-element_type=\"column\" data-e-type=\"column\">\n\t\t\t<div class=\"elementor-widget-wrap elementor-element-populated\">\n\t\t\t\t\t\t<div class=\"elementor-element elementor-element-20939ae elementor-widget elementor-widget-litho-heading\" data-id=\"20939ae\" data-element_type=\"widget\" data-e-type=\"widget\" data-widget_type=\"litho-heading.default\">\n\t\t\t\t<div class=\"elementor-widget-container\">\n\t\t\t\t\t<h5 class=\"litho-heading elementor-size-default\"><span class=\"litho-primary-title\">POURQUOI CHOISIR LES LAMIN\u00c9S EN R\u00c9SINE DE VERRE\n<\/span><\/h5>\t\t\t\t<\/div>\n\t\t\t\t<\/div>\n\t\t\t\t\t<\/div>\n\t\t<\/div>\n\t\t\t\t\t<\/div>\n\t\t<\/section>\n\t\t\t\t<section class=\"elementor-section elementor-top-section elementor-element elementor-element-d45bcd1 elementor-section-boxed elementor-section-height-default elementor-section-height-default\" data-id=\"d45bcd1\" data-element_type=\"section\" data-e-type=\"section\">\n\t\t\t\t\t\t<div class=\"elementor-container elementor-column-gap-default\">\n\t\t\t\t\t<div class=\" elementor-column elementor-col-50 elementor-top-column elementor-element elementor-element-bdcd4a6 elementor-invisible\" data-fullscreen-column-settings=\"{&quot;fullscreen&quot;:&quot;&quot;}\" data-id=\"bdcd4a6\" data-element_type=\"column\" data-e-type=\"column\" data-settings=\"{&quot;animation&quot;:&quot;fadeInLeft&quot;,&quot;animation_delay&quot;:400}\">\n\t\t\t<div class=\"elementor-widget-wrap elementor-element-populated\">\n\t\t\t\t\t\t<div class=\"elementor-element elementor-element-ad344f8 elementor-position-left elementor-vertical-align-middle elementor-widget elementor-widget-image-box\" data-id=\"ad344f8\" data-element_type=\"widget\" data-e-type=\"widget\" data-widget_type=\"image-box.default\">\n\t\t\t\t<div class=\"elementor-widget-container\">\n\t\t\t\t\t<div class=\"elementor-image-box-wrapper\"><figure class=\"elementor-image-box-img\"><img decoding=\"async\" width=\"150\" height=\"150\" src=\"https:\/\/www.vetroresina.com\/wp-content\/uploads\/2026\/02\/facili-da-pulire-150x150.png\" class=\"attachment-thumbnail size-thumbnail wp-image-88413\" alt=\"facili-da-pulire\" srcset=\"https:\/\/www.vetroresina.com\/wp-content\/uploads\/2026\/02\/facili-da-pulire-150x150.png 150w, https:\/\/www.vetroresina.com\/wp-content\/uploads\/2026\/02\/facili-da-pulire.png 290w\" sizes=\"(max-width: 150px) 100vw, 150px\" \/><\/figure><div class=\"elementor-image-box-content\"><h3 class=\"elementor-image-box-title\">Facile \u00e0 nettoyer<\/h3><p class=\"elementor-image-box-description\">Faciles \u00e0 d\u00e9sinfecter et adapt\u00e9es au contact avec la nourriture, elles ne lib\u00e8rent pas de substances ind\u00e9sirables et contribuent \u00e0 maintenir des normes d\u2019hygi\u00e8ne \u00e9lev\u00e9es.\n<\/p><\/div><\/div>\t\t\t\t<\/div>\n\t\t\t\t<\/div>\n\t\t\t\t<div class=\"elementor-element elementor-element-3e79229 elementor-position-left elementor-vertical-align-middle elementor-widget elementor-widget-image-box\" data-id=\"3e79229\" data-element_type=\"widget\" data-e-type=\"widget\" data-widget_type=\"image-box.default\">\n\t\t\t\t<div class=\"elementor-widget-container\">\n\t\t\t\t\t<div class=\"elementor-image-box-wrapper\"><figure class=\"elementor-image-box-img\"><img decoding=\"async\" width=\"150\" height=\"150\" src=\"https:\/\/www.vetroresina.com\/wp-content\/uploads\/2026\/02\/protezione-e-durata-150x150.png\" class=\"attachment-thumbnail size-thumbnail wp-image-88419\" alt=\"protezione-e-durata\" srcset=\"https:\/\/www.vetroresina.com\/wp-content\/uploads\/2026\/02\/protezione-e-durata-150x150.png 150w, https:\/\/www.vetroresina.com\/wp-content\/uploads\/2026\/02\/protezione-e-durata.png 290w\" sizes=\"(max-width: 150px) 100vw, 150px\" \/><\/figure><div class=\"elementor-image-box-content\"><h3 class=\"elementor-image-box-title\">Protection et durabilit\u00e9<\/h3><p class=\"elementor-image-box-description\">Offre une excellente protection contre les agents corrosifs et l\u2019humidit\u00e9 : imperm\u00e9able, avec faible expansion thermique et des performances stables dans le temps<\/p><\/div><\/div>\t\t\t\t<\/div>\n\t\t\t\t<\/div>\n\t\t\t\t<div class=\"elementor-element elementor-element-1db730d elementor-position-left elementor-vertical-align-middle elementor-widget elementor-widget-image-box\" data-id=\"1db730d\" data-element_type=\"widget\" data-e-type=\"widget\" data-widget_type=\"image-box.default\">\n\t\t\t\t<div class=\"elementor-widget-container\">\n\t\t\t\t\t<div class=\"elementor-image-box-wrapper\"><figure class=\"elementor-image-box-img\"><img loading=\"lazy\" decoding=\"async\" width=\"150\" height=\"150\" src=\"https:\/\/www.vetroresina.com\/wp-content\/uploads\/2026\/02\/anti-urto-150x150.png\" class=\"attachment-thumbnail size-thumbnail wp-image-88425\" alt=\"anti-urto\" srcset=\"https:\/\/www.vetroresina.com\/wp-content\/uploads\/2026\/02\/anti-urto-150x150.png 150w, https:\/\/www.vetroresina.com\/wp-content\/uploads\/2026\/02\/anti-urto.png 290w\" sizes=\"(max-width: 150px) 100vw, 150px\" \/><\/figure><div class=\"elementor-image-box-content\"><h3 class=\"elementor-image-box-title\"> \u00c9tanche aux chocs<\/h3><p class=\"elementor-image-box-description\">Robustes et fiables sous contrainte, elles r\u00e9sistent \u00e0 des chocs r\u00e9p\u00e9t\u00e9s et aux charges m\u00e9caniques\u00a0: id\u00e9ales pour des environnements lourds \u00e0 man\u0153uvre continue.<\/p><\/div><\/div>\t\t\t\t<\/div>\n\t\t\t\t<\/div>\n\t\t\t\t\t<\/div>\n\t\t<\/div>\n\t\t\t\t<div class=\" elementor-column elementor-col-50 elementor-top-column elementor-element elementor-element-76b904c elementor-invisible\" data-fullscreen-column-settings=\"{&quot;fullscreen&quot;:&quot;&quot;}\" data-id=\"76b904c\" data-element_type=\"column\" data-e-type=\"column\" data-settings=\"{&quot;animation&quot;:&quot;fadeInLeft&quot;,&quot;animation_delay&quot;:600}\">\n\t\t\t<div class=\"elementor-widget-wrap elementor-element-populated\">\n\t\t\t\t\t\t<div class=\"elementor-element elementor-element-1107e66 elementor-position-left elementor-vertical-align-middle elementor-widget elementor-widget-image-box\" data-id=\"1107e66\" data-element_type=\"widget\" data-e-type=\"widget\" data-widget_type=\"image-box.default\">\n\t\t\t\t<div class=\"elementor-widget-container\">\n\t\t\t\t\t<div class=\"elementor-image-box-wrapper\"><figure class=\"elementor-image-box-img\"><img loading=\"lazy\" decoding=\"async\" width=\"290\" height=\"289\" src=\"https:\/\/www.vetroresina.com\/wp-content\/uploads\/2026\/02\/facili-riparare.png\" class=\"attachment-full size-full wp-image-88431\" alt=\"facili-riparare\" srcset=\"https:\/\/www.vetroresina.com\/wp-content\/uploads\/2026\/02\/facili-riparare.png 290w, https:\/\/www.vetroresina.com\/wp-content\/uploads\/2026\/02\/facili-riparare-150x150.png 150w\" sizes=\"(max-width: 290px) 100vw, 290px\" \/><\/figure><div class=\"elementor-image-box-content\"><h3 class=\"elementor-image-box-title\">Facile \u00e0 r\u00e9parer<\/h3><p class=\"elementor-image-box-description\">En cas de secousses accidentelles ou de dommages mineurs, ils peuvent \u00eatre restaur\u00e9s rapidement sans compromettre l\u2019esth\u00e9tique ou les performances.<\/p><\/div><\/div>\t\t\t\t<\/div>\n\t\t\t\t<\/div>\n\t\t\t\t<div class=\"elementor-element elementor-element-86b7f66 elementor-position-left elementor-vertical-align-middle elementor-widget elementor-widget-image-box\" data-id=\"86b7f66\" data-element_type=\"widget\" data-e-type=\"widget\" data-widget_type=\"image-box.default\">\n\t\t\t\t<div class=\"elementor-widget-container\">\n\t\t\t\t\t<div class=\"elementor-image-box-wrapper\"><figure class=\"elementor-image-box-img\"><img loading=\"lazy\" decoding=\"async\" width=\"290\" height=\"290\" src=\"https:\/\/www.vetroresina.com\/wp-content\/uploads\/2026\/02\/facili-applicare.png\" class=\"attachment-full size-full wp-image-88437\" alt=\"facili-applicare\" srcset=\"https:\/\/www.vetroresina.com\/wp-content\/uploads\/2026\/02\/facili-applicare.png 290w, https:\/\/www.vetroresina.com\/wp-content\/uploads\/2026\/02\/facili-applicare-150x150.png 150w\" sizes=\"(max-width: 290px) 100vw, 290px\" \/><\/figure><div class=\"elementor-image-box-content\"><h3 class=\"elementor-image-box-title\">Facile \u00e0 appliquer<\/h3><p class=\"elementor-image-box-description\">Adapt\u00e9 au resurfa\u00e7age et \u00e0 la collation sur des substrats isolants tels que EPS, XPS et polyur\u00e9thane.<\/p><\/div><\/div>\t\t\t\t<\/div>\n\t\t\t\t<\/div>\n\t\t\t\t\t<\/div>\n\t\t<\/div>\n\t\t\t\t\t<\/div>\n\t\t<\/section>\n\t\t\t\t<section class=\"elementor-section elementor-top-section elementor-element elementor-element-82cc2fb elementor-section-boxed elementor-section-height-default elementor-section-height-default\" data-id=\"82cc2fb\" data-element_type=\"section\" data-e-type=\"section\">\n\t\t\t\t\t\t<div class=\"elementor-container elementor-column-gap-default\">\n\t\t\t\t\t<div class=\" elementor-column elementor-col-100 elementor-top-column elementor-element elementor-element-a336e72\" data-fullscreen-column-settings=\"{&quot;fullscreen&quot;:&quot;&quot;}\" data-id=\"a336e72\" data-element_type=\"column\" data-e-type=\"column\">\n\t\t\t<div class=\"elementor-widget-wrap elementor-element-populated\">\n\t\t\t\t\t\t<div class=\"elementor-element elementor-element-39d833a elementor-widget elementor-widget-litho-heading\" data-id=\"39d833a\" data-element_type=\"widget\" data-e-type=\"widget\" data-widget_type=\"litho-heading.default\">\n\t\t\t\t<div class=\"elementor-widget-container\">\n\t\t\t\t\t<span class=\"litho-heading elementor-size-medium\"><span class=\"litho-primary-title\">APPLICATIONS<\/span><\/span>\t\t\t\t<\/div>\n\t\t\t\t<\/div>\n\t\t\t\t<div class=\"elementor-element elementor-element-ebfb8e2 elementor-widget elementor-widget-litho-heading\" data-id=\"ebfb8e2\" data-element_type=\"widget\" data-e-type=\"widget\" data-widget_type=\"litho-heading.default\">\n\t\t\t\t<div class=\"elementor-widget-container\">\n\t\t\t\t\t<h5 class=\"litho-heading elementor-size-default\"><span class=\"litho-primary-title\">USAGE PR\u00c9VU<\/span><\/h5>\t\t\t\t<\/div>\n\t\t\t\t<\/div>\n\t\t\t\t\t<\/div>\n\t\t<\/div>\n\t\t\t\t\t<\/div>\n\t\t<\/section>\n\t\t\t\t<section class=\"elementor-section elementor-top-section elementor-element elementor-element-1b59845 elementor-section-content-middle elementor-section-boxed elementor-section-height-default elementor-section-height-default\" data-id=\"1b59845\" data-element_type=\"section\" data-e-type=\"section\">\n\t\t\t\t\t\t<div class=\"elementor-container elementor-column-gap-default\">\n\t\t\t\t\t<div class=\" elementor-column elementor-col-50 elementor-top-column elementor-element elementor-element-39ae4db elementor-invisible\" data-fullscreen-column-settings=\"{&quot;fullscreen&quot;:&quot;&quot;}\" data-id=\"39ae4db\" data-element_type=\"column\" data-e-type=\"column\" data-settings=\"{&quot;animation&quot;:&quot;fadeInLeft&quot;,&quot;animation_delay&quot;:600}\">\n\t\t\t<div class=\"elementor-widget-wrap elementor-element-populated\">\n\t\t\t\t\t\t<div class=\"elementor-element elementor-element-252982d elementor-widget elementor-widget-text-editor\" data-id=\"252982d\" data-element_type=\"widget\" data-e-type=\"widget\" data-widget_type=\"text-editor.default\">\n\t\t\t\t<div class=\"elementor-widget-container\">\n\t\t\t\t\t\t\t\t\t<p class=\"p1\"><strong>Salles blanches: <\/strong>Les salles blanches limitent la prolif\u00e9ration des particules en suspension dans l&rsquo;air et permettent de contr\u00f4ler les conditions environnementales comme la temp\u00e9rature, l&rsquo;humidit\u00e9 et les courants d&rsquo;air.<br \/>Les principaux domaines d\u2019application incluent : les produits pharmaceutiques, les pr\u00e9parations gal\u00e9niques<br \/>dans la pharmacie, les dispositifs m\u00e9dicaux, la biotechnologie, l\u2019industrie alimentaire et des boissons, la fabrication \u00e9lectronique et l\u2019a\u00e9rospatiale.<\/p><p class=\"p1\"><br \/>Chaque surface \u00e9tant susceptible de devenir une source de contamination, les parois et les plafonds doivent \u00eatre non poreux, faciles \u00e0 nettoyer, r\u00e9sistants \u00e0 l&rsquo;usure et aux produits chimiques, et con\u00e7us pour limiter les joints et les zones d&rsquo;accumulation de poussi\u00e8re.<\/p><p><b>\u00a0<\/b><\/p>\t\t\t\t\t\t\t\t<\/div>\n\t\t\t\t<\/div>\n\t\t\t\t\t<\/div>\n\t\t<\/div>\n\t\t\t\t<div class=\" elementor-column elementor-col-50 elementor-top-column elementor-element elementor-element-25bfaa6\" data-fullscreen-column-settings=\"{&quot;fullscreen&quot;:&quot;&quot;}\" data-id=\"25bfaa6\" data-element_type=\"column\" data-e-type=\"column\">\n\t\t\t<div class=\"elementor-widget-wrap elementor-element-populated\">\n\t\t\t\t\t\t<div class=\"elementor-element elementor-element-28ca9a4 elementor-widget elementor-widget-text-editor\" data-id=\"28ca9a4\" data-element_type=\"widget\" data-e-type=\"widget\" data-widget_type=\"text-editor.default\">\n\t\t\t\t<div class=\"elementor-widget-container\">\n\t\t\t\t\t\t\t\t\t<p class=\"p1\">Les <strong>chambres froides<\/strong> (aussi chambres r\u00e9frig\u00e9r\u00e9es ou de produits congel\u00e9s), les produits sensibles aux variations de temp\u00e9rature comme les aliments et les m\u00e9dicaments sont conserv\u00e9s \u00e0 un point de consigne stable dans une enceinte thermiquement isol\u00e9e et propre.<\/p><p class=\"p1\"><br \/>Dans cet espace, les produits doivent r\u00e9sister \u00e0 l\u2019humidit\u00e9, aux lavages r\u00e9p\u00e9t\u00e9s et aux contraintes thermiques tout en assurant leur hygi\u00e8ne et leur dur\u00e9e de vie.<\/p>\t\t\t\t\t\t\t\t<\/div>\n\t\t\t\t<\/div>\n\t\t\t\t\t<\/div>\n\t\t<\/div>\n\t\t\t\t\t<\/div>\n\t\t<\/section>\n\t\t\t\t<\/div>\n\t\t","protected":false},"excerpt":{"rendered":"<p>LAMINATI INDUSTRIALI RECOMPLAX D700 Recomplax D700 est une feuille composite en plaques compos\u00e9es de thermodurcis recycl\u00e9s \u00e0 94\u00a0% (fibre de verre et polyur\u00e9thane PUR\/PIR) r\u00e9agr\u00e9g\u00e9s sous pression. Le mat\u00e9riau recycl\u00e9-recyclable est brevet\u00e9 et garanti par une D\u00e9claration de Produit Environnemental (EPD ISO 14025). \u00c9tant hydrofuges et compactes m\u00eame dans des conditions m\u00e9t\u00e9orologiques extr\u00eames, les r\u00e9sines [&hellip;]<\/p>\n","protected":false},"author":3,"featured_media":93675,"parent":0,"menu_order":6,"template":"","format":"standard","meta":{"_vp_format_video_url":"","_vp_image_focal_point":[],"footnotes":"","_members_access_role":[],"_members_access_error":""},"portfolio_category":[],"portfolio_tag":[],"portfolio-category":[302],"portfolio-tags":[],"class_list":["post-90513","portfolio","type-portfolio","status-publish","format-standard","has-post-thumbnail","hentry","portfolio-category-applicazioni"],"_links":{"self":[{"href":"https:\/\/www.vetroresina.com\/fr\/wp-json\/wp\/v2\/portfolio\/90513","targetHints":{"allow":["GET"]}}],"collection":[{"href":"https:\/\/www.vetroresina.com\/fr\/wp-json\/wp\/v2\/portfolio"}],"about":[{"href":"https:\/\/www.vetroresina.com\/fr\/wp-json\/wp\/v2\/types\/portfolio"}],"author":[{"embeddable":true,"href":"https:\/\/www.vetroresina.com\/fr\/wp-json\/wp\/v2\/users\/3"}],"version-history":[{"count":7,"href":"https:\/\/www.vetroresina.com\/fr\/wp-json\/wp\/v2\/portfolio\/90513\/revisions"}],"predecessor-version":[{"id":96070,"href":"https:\/\/www.vetroresina.com\/fr\/wp-json\/wp\/v2\/portfolio\/90513\/revisions\/96070"}],"wp:featuredmedia":[{"embeddable":true,"href":"https:\/\/www.vetroresina.com\/fr\/wp-json\/wp\/v2\/media\/93675"}],"wp:attachment":[{"href":"https:\/\/www.vetroresina.com\/fr\/wp-json\/wp\/v2\/media?parent=90513"}],"wp:term":[{"taxonomy":"portfolio_category","embeddable":true,"href":"https:\/\/www.vetroresina.com\/fr\/wp-json\/wp\/v2\/portfolio_category?post=90513"},{"taxonomy":"portfolio_tag","embeddable":true,"href":"https:\/\/www.vetroresina.com\/fr\/wp-json\/wp\/v2\/portfolio_tag?post=90513"},{"taxonomy":"portfolio-category","embeddable":true,"href":"https:\/\/www.vetroresina.com\/fr\/wp-json\/wp\/v2\/portfolio-category?post=90513"},{"taxonomy":"portfolio-tags","embeddable":true,"href":"https:\/\/www.vetroresina.com\/fr\/wp-json\/wp\/v2\/portfolio-tags?post=90513"}],"curies":[{"name":"wp","href":"https:\/\/api.w.org\/{rel}","templated":true}]}}